{"id":503171,"date":"2023-12-07T15:41:59","date_gmt":"2023-12-07T15:41:59","guid":{"rendered":"https:\/\/www.caseaberlino.com\/immobilien\/appartamento-generale-appartamento-in-berlin-affittare-cab-576\/"},"modified":"2023-12-07T15:41:59","modified_gmt":"2023-12-07T15:41:59","slug":"appartamento-generale-appartamento-in-berlin-affittare-cab-576","status":"publish","type":"immomakler_object","link":"https:\/\/www.caseaberlino.com\/it\/immobilien\/appartamento-generale-appartamento-in-berlin-affittare-cab-576\/","title":{"rendered":"Shanghai-Express"},"excerpt":{"rendered":"<p>2 Vani 55 m\u00b2 Appartamento in Berlin da affittare. Ausstattung: Balkon, Cucina, Personenaufzug, etc.<\/p>\n","protected":false},"featured_media":503183,"template":"","meta":{"_monsterinsights_skip_tracking":false,"_genesis_title":"","_genesis_description":""},"immomakler_object_type":[305,304],"immomakler_object_country":[301],"immomakler_object_vermarktung":[306],"immomakler_object_nutzungsart":[307],"immomakler_object_location":[164,180],"immomakler_object_feature":[172,311,302,181],"immomakler_object_status":[308,437],"class_list":["post-503171","immomakler_object","type-immomakler_object","status-publish","has-post-thumbnail","hentry","immomakler_object_type-appartamento-it","immomakler_object_type-appartamento-generale-it","immomakler_object_country-germania-it","immomakler_object_vermarktung-affitto-it","immomakler_object_nutzungsart-soggiorno-ammobiliato-it","immomakler_object_location-berlin-it","immomakler_object_location-schoeneberg-it","immomakler_object_feature-balkon-it","immomakler_object_feature-completamente-arredato-it","immomakler_object_feature-cucina-it","immomakler_object_feature-personenaufzug-it","immomakler_object_status-disponibile-it","immomakler_object_status-highlight-it"],"meta_all":{"immomakler_version":"5.66.0","geo_latitude":"52.4972347","geo_longitude":"13.3429021","kontaktperson_id":"2e351b14","kontaktperson_post_id":"1351","language_code":"it_IT","language_code_short":"it","gruppen_kennung":"","gruppennummer":"","project_id":"","objektnr_extern":"CaB 576","objektnr_extern_normalized":"cab-576","objektnr_intern":"CaB 576","openimmo_anid":"1","openimmo_obid":"CaB 576_it_IT","orderby_preis":"1360","anzahl_zimmer":"2","wohnflaeche":"55","nutzflaeche":"","gesamtflaeche":"","grundstuecksflaeche":"","flaeche":"55","preis":"1360","kaltmiete":"","kaufpreis":"","warmmiete":"1360","nettokaltmiete":"","mietpreis_pro_qm":"","kaufpreisnetto":"","kaufpreisbrutto":"","gesamtmietenetto":"","gesamtmietebrutto":"","kaufpreis_pro_qm":"","strasse":"","hausnummer":"","plz":"10777","sendersoftware":"EXPOSE","file_import_timestamp":"1786708443","file_import_filename":"\/var\/www\/html\/openimmo\/it\/1_CaB576_134458_0814.zip","senderversion":"10.1.2","techn_email":"rent@caseaberlino.com","openimmo_version":"1.2.7","anbieternr":"1","stand_vom":"2026-07-15","xml_immobilie_checksum":"8e716543f4c70ca6ed853647cd632e32","objekttitel":"Shanghai-Express","objekttitel_original":"Shanghai-Express","verwaltung_objekt-user_defined_simplefield-top_angebot":"1","verwaltung_objekt-user_defined_anyfield-plaintext-buchung_id":"CaB   2046","verwaltung_objekt-user_defined_anyfield-plaintext-buchung_von":"2026-01-12","verwaltung_objekt-user_defined_anyfield-plaintext-buchung_bis":"2026-09-20","anzahl_balkone":"1","anzahl_wohn_schlafzimmer":"2","gfz":"6000","heizungsart_zentral":"1","befeuerung_oel":"1","fahrstuhl_personen":"1","kueche_ebk":"1","moeblierung":"Completamente arredato","waehrung":"EUR","kaution":"2920","kaution_text":"2.920,00","preis_zeiteinheit":"MONAT","epass_primaerenergietraeger":"\u00d6l","verfuegbar_ab":"2026-09-21","verfuegbar_bis":"2099-12-31","waz":"1","haustiere":"erlaubt","objektart":"Appartamento generale","objektart_detail":"Appartamento","miete":"1","lage":"Sch\u00f6neberg \u00e8 uno dei quartieri pi\u00f9 ricco di sfaccettature: molti bellissimi palazzi d\u00b4epoca in un\u00b4atmosfera multiculturale, multicolore, vivace e cosmopolita in completa armonia. Ci sono vari parchi, innumerevoli locali, ristoranti, caf\u00e9s, bars e boutiques. 2 volte la settimana si tiene un grande mercato sulla piazza Winterfeldplatz. Anche la pi\u00f9 famosa strada per lo shopping, il Ku\u00b4damm con il celebre KaDeWe si trova in parte a Sch\u00f6neberg\nS-Bahn, metro nr. 2 + 3 + 4 + 7, Bus\nca. 25 min da Hauptbahnhof\nca. 15 min da Brandenburger Tor\nca. 45 min da Aeroporto BER","iso_land":"DEU","land":"Germania","ort":"Berlin","regionaler_zusatz":"Sch\u00f6neberg","etage":"3","administrative_area_level_1":"Berlin","administrative_area_level_3":"Kreisfreie Stadt Berlin","objektbeschreibung":"L'appartamento di ca. 50 mq si trova al 3. piano (con ascensore) di un palazzo moderno. Il salone dispone di un divano letto e di un\u00b4area da pranzo con accesso sul balcone. La camera ha un letto matrimoniale e un grande armadio. La cucina \u00e8 completamente arredata. Il bagno (con finestra!) ha una vasca.","kontaktperson_email_zentrale":"rent@caseaberlino.com","kontaktperson_email_direkt":"rent@caseaberlino.com","kontaktperson_tel_zentrale":"+493023625707","kontaktperson_tel_durchw":"+493023625707","kontaktperson_tel_fax":"+493023625703","kontaktperson_name":"CaB","kontaktperson_vorname":"Rent","kontaktperson_anrede":"Team","kontaktperson_firma":"CASE a BERLINO GmbH","kontaktperson_strasse":"Maa\u00dfenstr. 10","kontaktperson_plz":"10777","kontaktperson_ort":"Berlin","kontaktperson_iso_land":"DEU","kontaktperson_land":"Germania","kontaktperson_email_feedback":"rent@caseaberlino.com","kontaktperson_adressfreigabe":"1","openimmo_obid_for_feedback":"CaB    576","bookings":[["2020-05-20","2021-05-20"],["2021-05-21","2021-11-20"],["2021-11-30","2022-05-30"],["2022-05-30","2022-08-23"],["2022-09-15","2023-06-30"],["2023-07-01","2023-08-31"],["2024-07-01","2024-08-31"],["2023-09-11","2024-03-12"],["2024-11-01","2025-05-02"],["2025-05-12","2025-11-13"],["2026-01-12","2026-09-20"]],"seo_title":"Appartamento in Berlin, 55 m\u00b2","seo_metadesc":"2 Vani 55 m\u00b2 Appartamento in Berlin da affittare. Ausstattung: Balkon, Cucina, Personenaufzug, etc.","status_order":"0","duplicate_key_dir_hash":"3e6ff52b0ff445f0995ababfff106acc"},"meta_all_flat":{"immomakler_version":"5.66.0","geo_latitude":"52.4972347","geo_longitude":"13.3429021","kontaktperson_id":"2e351b14","kontaktperson_post_id":"1351","language_code":"it_IT","language_code_short":"it","gruppen_kennung":"","gruppennummer":"","project_id":"","objektnr_extern":"CaB 576","objektnr_extern_normalized":"cab-576","objektnr_intern":"CaB 576","openimmo_anid":"1","openimmo_obid":"CaB 576_it_IT","orderby_preis":"1360","anzahl_zimmer":"2","wohnflaeche":"55","nutzflaeche":"","gesamtflaeche":"","grundstuecksflaeche":"","flaeche":"55","preis":"1360","kaltmiete":"","kaufpreis":"","warmmiete":"1360","nettokaltmiete":"","mietpreis_pro_qm":"","kaufpreisnetto":"","kaufpreisbrutto":"","gesamtmietenetto":"","gesamtmietebrutto":"","kaufpreis_pro_qm":"","strasse":"","hausnummer":"","plz":"10777","sendersoftware":"EXPOSE","file_import_timestamp":"1786708443","file_import_filename":"\/var\/www\/html\/openimmo\/it\/1_CaB576_134458_0814.zip","senderversion":"10.1.2","techn_email":"rent@caseaberlino.com","openimmo_version":"1.2.7","anbieternr":"1","stand_vom":"2026-07-15","xml_immobilie_checksum":"8e716543f4c70ca6ed853647cd632e32","objekttitel":"Shanghai-Express","objekttitel_original":"Shanghai-Express","verwaltung_objekt-user_defined_simplefield-top_angebot":"1","verwaltung_objekt-user_defined_anyfield-plaintext-buchung_id":"CaB   2046","verwaltung_objekt-user_defined_anyfield-plaintext-buchung_von":"2026-01-12","verwaltung_objekt-user_defined_anyfield-plaintext-buchung_bis":"2026-09-20","anzahl_balkone":"1","anzahl_wohn_schlafzimmer":"2","gfz":"6000","heizungsart_zentral":"1","befeuerung_oel":"1","fahrstuhl_personen":"1","kueche_ebk":"1","moeblierung":"Completamente arredato","waehrung":"EUR","kaution":"2920","kaution_text":"2.920,00","preis_zeiteinheit":"MONAT","epass_primaerenergietraeger":"\u00d6l","verfuegbar_ab":"2026-09-21","verfuegbar_bis":"2099-12-31","waz":"1","haustiere":"erlaubt","objektart":"Appartamento generale","objektart_detail":"Appartamento","miete":"1","lage":"Sch\u00f6neberg \u00e8 uno dei quartieri pi\u00f9 ricco di sfaccettature: molti bellissimi palazzi d\u00b4epoca in un\u00b4atmosfera multiculturale, multicolore, vivace e cosmopolita in completa armonia. Ci sono vari parchi, innumerevoli locali, ristoranti, caf\u00e9s, bars e boutiques. 2 volte la settimana si tiene un grande mercato sulla piazza Winterfeldplatz. Anche la pi\u00f9 famosa strada per lo shopping, il Ku\u00b4damm con il celebre KaDeWe si trova in parte a Sch\u00f6neberg\nS-Bahn, metro nr. 2 + 3 + 4 + 7, Bus\nca. 25 min da Hauptbahnhof\nca. 15 min da Brandenburger Tor\nca. 45 min da Aeroporto BER","iso_land":"DEU","land":"Germania","ort":"Berlin","regionaler_zusatz":"Sch\u00f6neberg","etage":"3","administrative_area_level_1":"Berlin","administrative_area_level_3":"Kreisfreie Stadt Berlin","objektbeschreibung":"L'appartamento di ca. 50 mq si trova al 3. piano (con ascensore) di un palazzo moderno. Il salone dispone di un divano letto e di un\u00b4area da pranzo con accesso sul balcone. La camera ha un letto matrimoniale e un grande armadio. La cucina \u00e8 completamente arredata. Il bagno (con finestra!) ha una vasca.","kontaktperson_email_zentrale":"rent@caseaberlino.com","kontaktperson_email_direkt":"rent@caseaberlino.com","kontaktperson_tel_zentrale":"+493023625707","kontaktperson_tel_durchw":"+493023625707","kontaktperson_tel_fax":"+493023625703","kontaktperson_name":"CaB","kontaktperson_vorname":"Rent","kontaktperson_anrede":"Team","kontaktperson_firma":"CASE a BERLINO GmbH","kontaktperson_strasse":"Maa\u00dfenstr. 10","kontaktperson_plz":"10777","kontaktperson_ort":"Berlin","kontaktperson_iso_land":"DEU","kontaktperson_land":"Germania","kontaktperson_email_feedback":"rent@caseaberlino.com","kontaktperson_adressfreigabe":"1","openimmo_obid_for_feedback":"CaB    576","bookings.0.0":"2020-05-20","bookings.0.1":"2021-05-20","bookings.1.0":"2021-05-21","bookings.1.1":"2021-11-20","bookings.2.0":"2021-11-30","bookings.2.1":"2022-05-30","bookings.3.0":"2022-05-30","bookings.3.1":"2022-08-23","bookings.4.0":"2022-09-15","bookings.4.1":"2023-06-30","bookings.5.0":"2023-07-01","bookings.5.1":"2023-08-31","bookings.6.0":"2024-07-01","bookings.6.1":"2024-08-31","bookings.7.0":"2023-09-11","bookings.7.1":"2024-03-12","bookings.8.0":"2024-11-01","bookings.8.1":"2025-05-02","bookings.9.0":"2025-05-12","bookings.9.1":"2025-11-13","bookings.10.0":"2026-01-12","bookings.10.1":"2026-09-20","seo_title":"Appartamento in Berlin, 55 m\u00b2","seo_metadesc":"2 Vani 55 m\u00b2 Appartamento in Berlin da affittare. Ausstattung: Balkon, Cucina, Personenaufzug, etc.","status_order":"0","duplicate_key_dir_hash":"3e6ff52b0ff445f0995ababfff106acc"},"yoast_head":"<!-- This site is optimized with the Yoast SEO plugin v28.3 - https:\/\/yoast.com\/product\/yoast-seo-wordpress\/ -->\n<title>Appartamento in Berlin, 55 m\u00b2 - CaB<\/title>\n<meta name=\"description\" content=\"&quot;Shanghai-Express&quot; - 2 Vani 55 m\u00b2 Appartamento in Berlin da affittare. Ausstattung: Balkon, Cucina, Personenaufzug, etc.\" \/>\n<meta name=\"robots\" content=\"index, follow, max-snippet:-1, max-image-preview:large, max-video-preview:-1\" \/>\n<link rel=\"canonical\" href=\"https:\/\/www.caseaberlino.com\/it\/immobilien\/appartamento-generale-appartamento-in-berlin-affittare-cab-576\/\" \/>\n<meta property=\"og:locale\" content=\"it_IT\" \/>\n<meta property=\"og:type\" content=\"article\" \/>\n<meta property=\"og:title\" content=\"Appartamento in Berlin, 55 m\u00b2 - CaB\" \/>\n<meta property=\"og:description\" content=\"&quot;Shanghai-Express&quot; - 2 Vani 55 m\u00b2 Appartamento in Berlin da affittare. Ausstattung: Balkon, Cucina, Personenaufzug, etc.\" \/>\n<meta property=\"og:url\" content=\"https:\/\/www.caseaberlino.com\/it\/immobilien\/appartamento-generale-appartamento-in-berlin-affittare-cab-576\/\" \/>\n<meta property=\"og:site_name\" content=\"CaB\" \/>\n<meta property=\"article:publisher\" content=\"https:\/\/www.facebook.com\/CaseaBerlino\/\" \/>\n<meta name=\"twitter:card\" content=\"summary_large_image\" \/>\n<script type=\"application\/ld+json\" class=\"yoast-schema-graph\">{\"@context\":\"https:\\\/\\\/schema.org\",\"@graph\":[{\"@type\":\"WebPage\",\"@id\":\"https:\\\/\\\/www.caseaberlino.com\\\/it\\\/immobilien\\\/appartamento-generale-appartamento-in-berlin-affittare-cab-576\\\/\",\"url\":\"https:\\\/\\\/www.caseaberlino.com\\\/it\\\/immobilien\\\/appartamento-generale-appartamento-in-berlin-affittare-cab-576\\\/\",\"name\":\"Appartamento in Berlin, 55 m\u00b2 - CaB\",\"isPartOf\":{\"@id\":\"https:\\\/\\\/www.caseaberlino.com\\\/it\\\/#website\"},\"primaryImageOfPage\":{\"@id\":\"https:\\\/\\\/www.caseaberlino.com\\\/it\\\/immobilien\\\/appartamento-generale-appartamento-in-berlin-affittare-cab-576\\\/#primaryimage\"},\"image\":{\"@id\":\"https:\\\/\\\/www.caseaberlino.com\\\/it\\\/immobilien\\\/appartamento-generale-appartamento-in-berlin-affittare-cab-576\\\/#primaryimage\"},\"thumbnailUrl\":\"https:\\\/\\\/www.caseaberlino.com\\\/wp-content\\\/uploads\\\/immomakler\\\/attachments\\\/3e6ff52b0ff445f0995ababfff106acc\\\/cab10922.jpg\",\"datePublished\":\"2023-12-07T15:41:59+00:00\",\"description\":\"\\\"Shanghai-Express\\\" - 2 Vani 55 m\u00b2 Appartamento in Berlin da affittare. Ausstattung: Balkon, Cucina, Personenaufzug, etc.\",\"breadcrumb\":{\"@id\":\"https:\\\/\\\/www.caseaberlino.com\\\/it\\\/immobilien\\\/appartamento-generale-appartamento-in-berlin-affittare-cab-576\\\/#breadcrumb\"},\"inLanguage\":\"it-IT\",\"potentialAction\":[{\"@type\":\"ReadAction\",\"target\":[\"https:\\\/\\\/www.caseaberlino.com\\\/it\\\/immobilien\\\/appartamento-generale-appartamento-in-berlin-affittare-cab-576\\\/\"]}]},{\"@type\":\"ImageObject\",\"inLanguage\":\"it-IT\",\"@id\":\"https:\\\/\\\/www.caseaberlino.com\\\/it\\\/immobilien\\\/appartamento-generale-appartamento-in-berlin-affittare-cab-576\\\/#primaryimage\",\"url\":\"https:\\\/\\\/www.caseaberlino.com\\\/wp-content\\\/uploads\\\/immomakler\\\/attachments\\\/3e6ff52b0ff445f0995ababfff106acc\\\/cab10922.jpg\",\"contentUrl\":\"https:\\\/\\\/www.caseaberlino.com\\\/wp-content\\\/uploads\\\/immomakler\\\/attachments\\\/3e6ff52b0ff445f0995ababfff106acc\\\/cab10922.jpg\",\"width\":796,\"height\":530,\"caption\":\"_1022192\"},{\"@type\":\"BreadcrumbList\",\"@id\":\"https:\\\/\\\/www.caseaberlino.com\\\/it\\\/immobilien\\\/appartamento-generale-appartamento-in-berlin-affittare-cab-576\\\/#breadcrumb\",\"itemListElement\":[{\"@type\":\"ListItem\",\"position\":1,\"name\":\"Home\",\"item\":\"https:\\\/\\\/www.caseaberlino.com\\\/it\\\/home\\\/\"},{\"@type\":\"ListItem\",\"position\":2,\"name\":\"Immobili\",\"item\":\"https:\\\/\\\/www.caseaberlino.com\\\/it\\\/immobilien\\\/\"},{\"@type\":\"ListItem\",\"position\":3,\"name\":\"Shanghai-Express\"}]},{\"@type\":\"WebSite\",\"@id\":\"https:\\\/\\\/www.caseaberlino.com\\\/it\\\/#website\",\"url\":\"https:\\\/\\\/www.caseaberlino.com\\\/it\\\/\",\"name\":\"CaB - Case a Berlino\",\"description\":\"CASE a BERLINO\",\"publisher\":{\"@id\":\"https:\\\/\\\/www.caseaberlino.com\\\/it\\\/#organization\"},\"potentialAction\":[{\"@type\":\"SearchAction\",\"target\":{\"@type\":\"EntryPoint\",\"urlTemplate\":\"https:\\\/\\\/www.caseaberlino.com\\\/it\\\/?s={search_term_string}\"},\"query-input\":{\"@type\":\"PropertyValueSpecification\",\"valueRequired\":true,\"valueName\":\"search_term_string\"}}],\"inLanguage\":\"it-IT\"},{\"@type\":\"Organization\",\"@id\":\"https:\\\/\\\/www.caseaberlino.com\\\/it\\\/#organization\",\"name\":\"CaB\",\"url\":\"https:\\\/\\\/www.caseaberlino.com\\\/it\\\/\",\"logo\":{\"@type\":\"ImageObject\",\"inLanguage\":\"it-IT\",\"@id\":\"https:\\\/\\\/www.caseaberlino.com\\\/it\\\/#\\\/schema\\\/logo\\\/image\\\/\",\"url\":\"https:\\\/\\\/www.caseaberlino.com\\\/wp-content\\\/uploads\\\/2024\\\/02\\\/2-image.png\",\"contentUrl\":\"https:\\\/\\\/www.caseaberlino.com\\\/wp-content\\\/uploads\\\/2024\\\/02\\\/2-image.png\",\"width\":1205,\"height\":758,\"caption\":\"CaB\"},\"image\":{\"@id\":\"https:\\\/\\\/www.caseaberlino.com\\\/it\\\/#\\\/schema\\\/logo\\\/image\\\/\"},\"sameAs\":[\"https:\\\/\\\/www.facebook.com\\\/CaseaBerlino\\\/\",\"https:\\\/\\\/www.instagram.com\\\/caseaberlino\\\/?hl=it\",\"https:\\\/\\\/de.linkedin.com\\\/company\\\/case-a-berlino-gbr\"]}]}<\/script>\n<!-- \/ Yoast SEO plugin. -->","yoast_head_json":{"title":"Appartamento in Berlin, 55 m\u00b2 - CaB","description":"\"Shanghai-Express\" - 2 Vani 55 m\u00b2 Appartamento in Berlin da affittare. Ausstattung: Balkon, Cucina, Personenaufzug, etc.","robots":{"index":"index","follow":"follow","max-snippet":"max-snippet:-1","max-image-preview":"max-image-preview:large","max-video-preview":"max-video-preview:-1"},"canonical":"https:\/\/www.caseaberlino.com\/it\/immobilien\/appartamento-generale-appartamento-in-berlin-affittare-cab-576\/","og_locale":"it_IT","og_type":"article","og_title":"Appartamento in Berlin, 55 m\u00b2 - CaB","og_description":"\"Shanghai-Express\" - 2 Vani 55 m\u00b2 Appartamento in Berlin da affittare. Ausstattung: Balkon, Cucina, Personenaufzug, etc.","og_url":"https:\/\/www.caseaberlino.com\/it\/immobilien\/appartamento-generale-appartamento-in-berlin-affittare-cab-576\/","og_site_name":"CaB","article_publisher":"https:\/\/www.facebook.com\/CaseaBerlino\/","twitter_card":"summary_large_image","schema":{"@context":"https:\/\/schema.org","@graph":[{"@type":"WebPage","@id":"https:\/\/www.caseaberlino.com\/it\/immobilien\/appartamento-generale-appartamento-in-berlin-affittare-cab-576\/","url":"https:\/\/www.caseaberlino.com\/it\/immobilien\/appartamento-generale-appartamento-in-berlin-affittare-cab-576\/","name":"Appartamento in Berlin, 55 m\u00b2 - CaB","isPartOf":{"@id":"https:\/\/www.caseaberlino.com\/it\/#website"},"primaryImageOfPage":{"@id":"https:\/\/www.caseaberlino.com\/it\/immobilien\/appartamento-generale-appartamento-in-berlin-affittare-cab-576\/#primaryimage"},"image":{"@id":"https:\/\/www.caseaberlino.com\/it\/immobilien\/appartamento-generale-appartamento-in-berlin-affittare-cab-576\/#primaryimage"},"thumbnailUrl":"https:\/\/www.caseaberlino.com\/wp-content\/uploads\/immomakler\/attachments\/3e6ff52b0ff445f0995ababfff106acc\/cab10922.jpg","datePublished":"2023-12-07T15:41:59+00:00","description":"\"Shanghai-Express\" - 2 Vani 55 m\u00b2 Appartamento in Berlin da affittare. Ausstattung: Balkon, Cucina, Personenaufzug, etc.","breadcrumb":{"@id":"https:\/\/www.caseaberlino.com\/it\/immobilien\/appartamento-generale-appartamento-in-berlin-affittare-cab-576\/#breadcrumb"},"inLanguage":"it-IT","potentialAction":[{"@type":"ReadAction","target":["https:\/\/www.caseaberlino.com\/it\/immobilien\/appartamento-generale-appartamento-in-berlin-affittare-cab-576\/"]}]},{"@type":"ImageObject","inLanguage":"it-IT","@id":"https:\/\/www.caseaberlino.com\/it\/immobilien\/appartamento-generale-appartamento-in-berlin-affittare-cab-576\/#primaryimage","url":"https:\/\/www.caseaberlino.com\/wp-content\/uploads\/immomakler\/attachments\/3e6ff52b0ff445f0995ababfff106acc\/cab10922.jpg","contentUrl":"https:\/\/www.caseaberlino.com\/wp-content\/uploads\/immomakler\/attachments\/3e6ff52b0ff445f0995ababfff106acc\/cab10922.jpg","width":796,"height":530,"caption":"_1022192"},{"@type":"BreadcrumbList","@id":"https:\/\/www.caseaberlino.com\/it\/immobilien\/appartamento-generale-appartamento-in-berlin-affittare-cab-576\/#breadcrumb","itemListElement":[{"@type":"ListItem","position":1,"name":"Home","item":"https:\/\/www.caseaberlino.com\/it\/home\/"},{"@type":"ListItem","position":2,"name":"Immobili","item":"https:\/\/www.caseaberlino.com\/it\/immobilien\/"},{"@type":"ListItem","position":3,"name":"Shanghai-Express"}]},{"@type":"WebSite","@id":"https:\/\/www.caseaberlino.com\/it\/#website","url":"https:\/\/www.caseaberlino.com\/it\/","name":"CaB - Case a Berlino","description":"CASE a BERLINO","publisher":{"@id":"https:\/\/www.caseaberlino.com\/it\/#organization"},"potentialAction":[{"@type":"SearchAction","target":{"@type":"EntryPoint","urlTemplate":"https:\/\/www.caseaberlino.com\/it\/?s={search_term_string}"},"query-input":{"@type":"PropertyValueSpecification","valueRequired":true,"valueName":"search_term_string"}}],"inLanguage":"it-IT"},{"@type":"Organization","@id":"https:\/\/www.caseaberlino.com\/it\/#organization","name":"CaB","url":"https:\/\/www.caseaberlino.com\/it\/","logo":{"@type":"ImageObject","inLanguage":"it-IT","@id":"https:\/\/www.caseaberlino.com\/it\/#\/schema\/logo\/image\/","url":"https:\/\/www.caseaberlino.com\/wp-content\/uploads\/2024\/02\/2-image.png","contentUrl":"https:\/\/www.caseaberlino.com\/wp-content\/uploads\/2024\/02\/2-image.png","width":1205,"height":758,"caption":"CaB"},"image":{"@id":"https:\/\/www.caseaberlino.com\/it\/#\/schema\/logo\/image\/"},"sameAs":["https:\/\/www.facebook.com\/CaseaBerlino\/","https:\/\/www.instagram.com\/caseaberlino\/?hl=it","https:\/\/de.linkedin.com\/company\/case-a-berlino-gbr"]}]}},"_links":{"self":[{"href":"https:\/\/www.caseaberlino.com\/it\/wp-json\/wp\/v2\/immomakler_object\/503171","targetHints":{"allow":["GET"]}}],"collection":[{"href":"https:\/\/www.caseaberlino.com\/it\/wp-json\/wp\/v2\/immomakler_object"}],"about":[{"href":"https:\/\/www.caseaberlino.com\/it\/wp-json\/wp\/v2\/types\/immomakler_object"}],"wp:featuredmedia":[{"embeddable":true,"href":"https:\/\/www.caseaberlino.com\/it\/wp-json\/wp\/v2\/media\/503183"}],"wp:attachment":[{"href":"https:\/\/www.caseaberlino.com\/it\/wp-json\/wp\/v2\/media?parent=503171"}],"wp:term":[{"taxonomy":"immomakler_object_type","embeddable":true,"href":"https:\/\/www.caseaberlino.com\/it\/wp-json\/wp\/v2\/immomakler_object_type?post=503171"},{"taxonomy":"immomakler_object_country","embeddable":true,"href":"https:\/\/www.caseaberlino.com\/it\/wp-json\/wp\/v2\/immomakler_object_country?post=503171"},{"taxonomy":"immomakler_object_vermarktung","embeddable":true,"href":"https:\/\/www.caseaberlino.com\/it\/wp-json\/wp\/v2\/immomakler_object_vermarktung?post=503171"},{"taxonomy":"immomakler_object_nutzungsart","embeddable":true,"href":"https:\/\/www.caseaberlino.com\/it\/wp-json\/wp\/v2\/immomakler_object_nutzungsart?post=503171"},{"taxonomy":"immomakler_object_location","embeddable":true,"href":"https:\/\/www.caseaberlino.com\/it\/wp-json\/wp\/v2\/immomakler_object_location?post=503171"},{"taxonomy":"immomakler_object_feature","embeddable":true,"href":"https:\/\/www.caseaberlino.com\/it\/wp-json\/wp\/v2\/immomakler_object_feature?post=503171"},{"taxonomy":"immomakler_object_status","embeddable":true,"href":"https:\/\/www.caseaberlino.com\/it\/wp-json\/wp\/v2\/immomakler_object_status?post=503171"}],"curies":[{"name":"wp","href":"https:\/\/api.w.org\/{rel}","templated":true}]}}